{"id":2999,"date":"2014-02-04T14:32:21","date_gmt":"2014-02-04T14:32:21","guid":{"rendered":"https:\/\/benestarcosmetics.es\/producto\/sales-exfoliants\/"},"modified":"2020-11-29T08:14:31","modified_gmt":"2020-11-29T08:14:31","slug":"sales-exfoliants","status":"publish","type":"product","link":"https:\/\/benestarcosmetics.es\/ca\/producto\/sales-exfoliants\/","title":{"rendered":"Sales Exfoliants"},"content":{"rendered":"\t\t<div data-elementor-type=\"product-post\" data-elementor-id=\"2999\" class=\"elementor elementor-2999 elementor-1282\" data-elementor-post-type=\"product\">\n\t\t\t\t\t\t<section class=\"elementor-section elementor-top-section elementor-element elementor-element-d017055 elementor-section-boxed elementor-section-height-default elementor-section-height-default\" data-id=\"d017055\" data-element_type=\"section\">\n\t\t\t\t\t\t<div class=\"elementor-container elementor-column-gap-default\">\n\t\t\t\t\t<div class=\"elementor-column elementor-col-100 elementor-top-column elementor-element elementor-element-6d89b09d\" data-id=\"6d89b09d\" data-element_type=\"column\">\n\t\t\t<div class=\"elementor-widget-wrap elementor-element-populated\">\n\t\t\t\t\t\t<div class=\"elementor-element elementor-element-f19818c elementor-widget elementor-widget-eael-adv-tabs\" data-id=\"f19818c\" data-element_type=\"widget\" data-widget_type=\"eael-adv-tabs.default\">\n\t\t\t\t<div class=\"elementor-widget-container\">\n\t\t\t        <div data-scroll-on-click=\"no\" data-scroll-speed=\"300\" id=\"eael-advance-tabs-f19818c\" class=\"eael-advance-tabs eael-tabs-horizontal eael-tab-auto-active \" data-tabid=\"f19818c\">\n            <div class=\"eael-tabs-nav\">\n                <ul class=\"eael-tab-inline-icon\" role=\"tablist\">\n                                            <li id=\"components-actius\" class=\"inactive eael-tab-item-trigger eael-tab-nav-item\" aria-selected=\"true\" data-tab=\"1\" role=\"tab\" tabindex=\"0\" aria-controls=\"components-actius-tab\" aria-expanded=\"false\">\n                            \n                                                                <i class=\"fas fa-plus\"><\/i>                                                            \n                                                            <span class=\"eael-tab-title title-after-icon\" >Components Actius<\/span>                            \n                                                    <\/li>\n                                            <li id=\"forma-ds\" class=\"inactive eael-tab-item-trigger eael-tab-nav-item\" aria-selected=\"false\" data-tab=\"2\" role=\"tab\" tabindex=\"-1\" aria-controls=\"forma-ds-tab\" aria-expanded=\"false\">\n                            \n                                                                <i class=\"fas fa-plus\"><\/i>                                                            \n                                                            <span class=\"eael-tab-title title-after-icon\" >Forma d'\u00fas<\/span>                            \n                                                    <\/li>\n                                    <\/ul>\n            <\/div>\n            \n            <div class=\"eael-tabs-content\">\n\t\t        \n                    <div id=\"components-actius-tab\" class=\"clearfix eael-tab-content-item inactive\" data-title-link=\"components-actius-tab\">\n\t\t\t\t        <p>Sals marines, olis naturals&#8230;<\/p>\n<p><em>ACCI\u00d3 de les SALS EXFOLIANTS :<\/em><\/p>\n<ul>\n<li>Exfoliaci\u00f3<\/li>\n<li>Hidrataci\u00f3<\/li>\n<li>Regeneraci\u00f3<\/li>\n<li>Activa la circulaci\u00f3<\/li>\n<\/ul>\n                    <\/div>\n\t\t        \n                    <div id=\"forma-ds-tab\" class=\"clearfix eael-tab-content-item inactive\" data-title-link=\"forma-ds-tab\">\n\t\t\t\t        <p>Despr\u00e9s d&#8217;haver retirat el gel de bany habitual (no abans doncs eliminar\u00edem l&#8217;efecte dels olis) aplicar una petita quantitat de producte sobre les zones a tractar i fregar amb suavitat; sobre les zones m\u00e9s sensibles el massatge ha de ser molt suau.<\/p>\n<p>Evitar genitals i zones amb ferides. Retirar amb abundant aigua i sobretot, assecar amb suaus &#8220;tocs&#8221; per no arrossegar els actius hidratants.<\/p>\n                    <\/div>\n\t\t                    <\/div>\n        <\/div>\n\t\t<\/div>\n\t\t\t\t<\/div>\n\t\t\t\t\t<\/div>\n\t\t<\/div>\n\t\t\t\t\t<\/div>\n\t\t<\/section>\n\t\t\t\t<\/div>\n\t\t","protected":false},"excerpt":{"rendered":"<p>Exfolia i estimula la regeneraci\u00f3 de la pell tractada.<\/p>\n<p>Les sals marines arrosseguen les c\u00e8l\u00b7lules mortes i els olis vegetals aporten hidrataci\u00f3.<\/p>\n<p>Acompanyat d&#8217;un en\u00e8rgic massatge les sals provoquen hiper\u00e8mia a m\u00e9s d&#8217;activar la circulaci\u00f3, facilitant la penetraci\u00f3 dels principis actius del producte que anem a utilitzar a continuaci\u00f3: Gel Reductor cel\u00b7lul\u00edtic, Crema Hidra-Reafirmant, Crema Regeneradora Reafirmant &#8230;.<\/p>\n<p>Et convidem a con\u00e8ixer-los de la m\u00e0 de la bloggera Elena a<a href=\"https:\/\/solocosmeticanatural.wordpress.com\/2015\/04\/15\/benestar-cosmetics\/\" target=\"_blank\" rel=\"noopener noreferrer\">\u00a0<strong>&#8220;SOLO COSM\u00c9TICA NATURAL&#8221;.<\/strong><\/a><\/p>\n<p><span style=\"color: #008080;\"><a href=\"http:\/\/tocador13.rssing.com\/chan-23225592\/all_p37.html\" target=\"_blank\" rel=\"noopener noreferrer\"><strong>&#8220;EL TOCADOR DE WARY&#8221;<\/strong><\/a><\/span> tamb\u00e9 ens d\u00f3na la seva opini\u00f3 al seu bloc.<\/p>\n","protected":false},"featured_media":5177,"template":"","meta":[],"product_cat":[193,197],"product_tag":[],"class_list":{"0":"post-2999","1":"product","2":"type-product","3":"status-publish","4":"has-post-thumbnail","6":"product_cat-corporals-2","7":"product_cat-sals-i-algues","9":"first","10":"instock","11":"taxable","12":"shipping-taxable","13":"purchasable","14":"product-type-variable"},"yoast_head":"<!-- This site is optimized with the Yoast SEO plugin v21.8.1 - https:\/\/yoast.com\/wordpress\/plugins\/seo\/ -->\n<title>Sales Exfoliants - Benestarcosmetics<\/title>\n<meta name=\"robots\" content=\"index, follow, max-snippet:-1, max-image-preview:large, max-video-preview:-1\" \/>\n<link rel=\"canonical\" href=\"https:\/\/benestarcosmetics.es\/ca\/producto\/sales-exfoliants\/\" \/>\n<meta property=\"og:locale\" content=\"ca_ES\" \/>\n<meta property=\"og:type\" content=\"article\" \/>\n<meta property=\"og:title\" content=\"Sales Exfoliants - Benestarcosmetics\" \/>\n<meta property=\"og:description\" content=\"Exfolia i estimula la regeneraci\u00f3 de la pell tractada.  Les sals marines arrosseguen les c\u00e8l\u00b7lules mortes i els olis vegetals aporten hidrataci\u00f3.  Acompanyat d&#039;un en\u00e8rgic massatge les sals provoquen hiper\u00e8mia a m\u00e9s d&#039;activar la circulaci\u00f3, facilitant la penetraci\u00f3 dels principis actius del producte que anem a utilitzar a continuaci\u00f3: Gel Reductor cel\u00b7lul\u00edtic, Crema Hidra-Reafirmant, Crema Regeneradora Reafirmant ....  Et convidem a con\u00e8ixer-los de la m\u00e0 de la bloggera Elena a\u00a0&quot;SOLO COSM\u00c9TICA NATURAL&quot;.  &quot;EL TOCADOR DE WARY&quot; tamb\u00e9 ens d\u00f3na la seva opini\u00f3 al seu bloc.\" \/>\n<meta property=\"og:url\" content=\"https:\/\/benestarcosmetics.es\/ca\/producto\/sales-exfoliants\/\" \/>\n<meta property=\"og:site_name\" content=\"Benestarcosmetics\" \/>\n<meta property=\"article:modified_time\" content=\"2020-11-29T08:14:31+00:00\" \/>\n<meta property=\"og:image\" content=\"https:\/\/benestarcosmetics.es\/wp-content\/uploads\/2014\/02\/sales-exfoliantes-100ml-1.png\" \/>\n\t<meta property=\"og:image:width\" content=\"1417\" \/>\n\t<meta property=\"og:image:height\" content=\"1417\" \/>\n\t<meta property=\"og:image:type\" content=\"image\/png\" \/>\n<meta name=\"twitter:card\" content=\"summary_large_image\" \/>\n<script type=\"application\/ld+json\" class=\"yoast-schema-graph\">{\"@context\":\"https:\/\/schema.org\",\"@graph\":[{\"@type\":\"WebPage\",\"@id\":\"https:\/\/benestarcosmetics.es\/ca\/producto\/sales-exfoliants\/\",\"url\":\"https:\/\/benestarcosmetics.es\/ca\/producto\/sales-exfoliants\/\",\"name\":\"Sales Exfoliants - Benestarcosmetics\",\"isPartOf\":{\"@id\":\"https:\/\/benestarcosmetics.es\/ca\/#website\"},\"datePublished\":\"2014-02-04T14:32:21+00:00\",\"dateModified\":\"2020-11-29T08:14:31+00:00\",\"breadcrumb\":{\"@id\":\"https:\/\/benestarcosmetics.es\/ca\/producto\/sales-exfoliants\/#breadcrumb\"},\"inLanguage\":\"ca\",\"potentialAction\":[{\"@type\":\"ReadAction\",\"target\":[\"https:\/\/benestarcosmetics.es\/ca\/producto\/sales-exfoliants\/\"]}]},{\"@type\":\"BreadcrumbList\",\"@id\":\"https:\/\/benestarcosmetics.es\/ca\/producto\/sales-exfoliants\/#breadcrumb\",\"itemListElement\":[{\"@type\":\"ListItem\",\"position\":1,\"name\":\"Portada\",\"item\":\"https:\/\/benestarcosmetics.es\/ca\/\"},{\"@type\":\"ListItem\",\"position\":2,\"name\":\"Tenda\",\"item\":\"https:\/\/benestarcosmetics.es\/tienda\/\"},{\"@type\":\"ListItem\",\"position\":3,\"name\":\"Sales Exfoliants\"}]},{\"@type\":\"WebSite\",\"@id\":\"https:\/\/benestarcosmetics.es\/ca\/#website\",\"url\":\"https:\/\/benestarcosmetics.es\/ca\/\",\"name\":\"Benestarcosmetics\",\"description\":\"Especialistas en cosm\u00e9tica profesional y tratamientos de belleza\",\"publisher\":{\"@id\":\"https:\/\/benestarcosmetics.es\/ca\/#organization\"},\"potentialAction\":[{\"@type\":\"SearchAction\",\"target\":{\"@type\":\"EntryPoint\",\"urlTemplate\":\"https:\/\/benestarcosmetics.es\/ca\/?s={search_term_string}\"},\"query-input\":\"required name=search_term_string\"}],\"inLanguage\":\"ca\"},{\"@type\":\"Organization\",\"@id\":\"https:\/\/benestarcosmetics.es\/ca\/#organization\",\"name\":\"Benestarcosmetics\",\"url\":\"https:\/\/benestarcosmetics.es\/ca\/\",\"logo\":{\"@type\":\"ImageObject\",\"inLanguage\":\"ca\",\"@id\":\"https:\/\/benestarcosmetics.es\/ca\/#\/schema\/logo\/image\/\",\"url\":\"https:\/\/benestarcosmetics.es\/wp-content\/uploads\/2020\/03\/logo-benestarcosmetics.png\",\"contentUrl\":\"https:\/\/benestarcosmetics.es\/wp-content\/uploads\/2020\/03\/logo-benestarcosmetics.png\",\"width\":219,\"height\":95,\"caption\":\"Benestarcosmetics\"},\"image\":{\"@id\":\"https:\/\/benestarcosmetics.es\/ca\/#\/schema\/logo\/image\/\"}}]}<\/script>\n<!-- \/ Yoast SEO plugin. -->","yoast_head_json":{"title":"Sales Exfoliants - Benestarcosmetics","robots":{"index":"index","follow":"follow","max-snippet":"max-snippet:-1","max-image-preview":"max-image-preview:large","max-video-preview":"max-video-preview:-1"},"canonical":"https:\/\/benestarcosmetics.es\/ca\/producto\/sales-exfoliants\/","og_locale":"ca_ES","og_type":"article","og_title":"Sales Exfoliants - Benestarcosmetics","og_description":"Exfolia i estimula la regeneraci\u00f3 de la pell tractada.  Les sals marines arrosseguen les c\u00e8l\u00b7lules mortes i els olis vegetals aporten hidrataci\u00f3.  Acompanyat d'un en\u00e8rgic massatge les sals provoquen hiper\u00e8mia a m\u00e9s d'activar la circulaci\u00f3, facilitant la penetraci\u00f3 dels principis actius del producte que anem a utilitzar a continuaci\u00f3: Gel Reductor cel\u00b7lul\u00edtic, Crema Hidra-Reafirmant, Crema Regeneradora Reafirmant ....  Et convidem a con\u00e8ixer-los de la m\u00e0 de la bloggera Elena a\u00a0\"SOLO COSM\u00c9TICA NATURAL\".  \"EL TOCADOR DE WARY\" tamb\u00e9 ens d\u00f3na la seva opini\u00f3 al seu bloc.","og_url":"https:\/\/benestarcosmetics.es\/ca\/producto\/sales-exfoliants\/","og_site_name":"Benestarcosmetics","article_modified_time":"2020-11-29T08:14:31+00:00","og_image":[{"width":1417,"height":1417,"url":"https:\/\/benestarcosmetics.es\/wp-content\/uploads\/2014\/02\/sales-exfoliantes-100ml-1.png","type":"image\/png"}],"twitter_card":"summary_large_image","schema":{"@context":"https:\/\/schema.org","@graph":[{"@type":"WebPage","@id":"https:\/\/benestarcosmetics.es\/ca\/producto\/sales-exfoliants\/","url":"https:\/\/benestarcosmetics.es\/ca\/producto\/sales-exfoliants\/","name":"Sales Exfoliants - Benestarcosmetics","isPartOf":{"@id":"https:\/\/benestarcosmetics.es\/ca\/#website"},"datePublished":"2014-02-04T14:32:21+00:00","dateModified":"2020-11-29T08:14:31+00:00","breadcrumb":{"@id":"https:\/\/benestarcosmetics.es\/ca\/producto\/sales-exfoliants\/#breadcrumb"},"inLanguage":"ca","potentialAction":[{"@type":"ReadAction","target":["https:\/\/benestarcosmetics.es\/ca\/producto\/sales-exfoliants\/"]}]},{"@type":"BreadcrumbList","@id":"https:\/\/benestarcosmetics.es\/ca\/producto\/sales-exfoliants\/#breadcrumb","itemListElement":[{"@type":"ListItem","position":1,"name":"Portada","item":"https:\/\/benestarcosmetics.es\/ca\/"},{"@type":"ListItem","position":2,"name":"Tenda","item":"https:\/\/benestarcosmetics.es\/tienda\/"},{"@type":"ListItem","position":3,"name":"Sales Exfoliants"}]},{"@type":"WebSite","@id":"https:\/\/benestarcosmetics.es\/ca\/#website","url":"https:\/\/benestarcosmetics.es\/ca\/","name":"Benestarcosmetics","description":"Especialistas en cosm\u00e9tica profesional y tratamientos de belleza","publisher":{"@id":"https:\/\/benestarcosmetics.es\/ca\/#organization"},"potentialAction":[{"@type":"SearchAction","target":{"@type":"EntryPoint","urlTemplate":"https:\/\/benestarcosmetics.es\/ca\/?s={search_term_string}"},"query-input":"required name=search_term_string"}],"inLanguage":"ca"},{"@type":"Organization","@id":"https:\/\/benestarcosmetics.es\/ca\/#organization","name":"Benestarcosmetics","url":"https:\/\/benestarcosmetics.es\/ca\/","logo":{"@type":"ImageObject","inLanguage":"ca","@id":"https:\/\/benestarcosmetics.es\/ca\/#\/schema\/logo\/image\/","url":"https:\/\/benestarcosmetics.es\/wp-content\/uploads\/2020\/03\/logo-benestarcosmetics.png","contentUrl":"https:\/\/benestarcosmetics.es\/wp-content\/uploads\/2020\/03\/logo-benestarcosmetics.png","width":219,"height":95,"caption":"Benestarcosmetics"},"image":{"@id":"https:\/\/benestarcosmetics.es\/ca\/#\/schema\/logo\/image\/"}}]}},"_links":{"self":[{"href":"https:\/\/benestarcosmetics.es\/ca\/wp-json\/wp\/v2\/product\/2999"}],"collection":[{"href":"https:\/\/benestarcosmetics.es\/ca\/wp-json\/wp\/v2\/product"}],"about":[{"href":"https:\/\/benestarcosmetics.es\/ca\/wp-json\/wp\/v2\/types\/product"}],"version-history":[{"count":2,"href":"https:\/\/benestarcosmetics.es\/ca\/wp-json\/wp\/v2\/product\/2999\/revisions"}],"predecessor-version":[{"id":3905,"href":"https:\/\/benestarcosmetics.es\/ca\/wp-json\/wp\/v2\/product\/2999\/revisions\/3905"}],"wp:featuredmedia":[{"embeddable":true,"href":"https:\/\/benestarcosmetics.es\/ca\/wp-json\/wp\/v2\/media\/5177"}],"wp:attachment":[{"href":"https:\/\/benestarcosmetics.es\/ca\/wp-json\/wp\/v2\/media?parent=2999"}],"wp:term":[{"taxonomy":"product_cat","embeddable":true,"href":"https:\/\/benestarcosmetics.es\/ca\/wp-json\/wp\/v2\/product_cat?post=2999"},{"taxonomy":"product_tag","embeddable":true,"href":"https:\/\/benestarcosmetics.es\/ca\/wp-json\/wp\/v2\/product_tag?post=2999"}],"curies":[{"name":"wp","href":"https:\/\/api.w.org\/{rel}","templated":true}]}}